{"id":15864,"date":"2018-07-24T15:42:38","date_gmt":"2018-07-24T13:42:38","guid":{"rendered":"https:\/\/thoennes.com\/?page_id=15864"},"modified":"2025-04-03T17:24:49","modified_gmt":"2025-04-03T15:24:49","slug":"fachinformatiker-ausbildung-und-jobs","status":"publish","type":"page","link":"https:\/\/thoennes.com\/?page_id=15864","title":{"rendered":"Fachinformatiker Ausbildung und Jobs"},"content":{"rendered":"<div class=\"wpb-content-wrapper\"><p>[vc_row css_animation=&#8220;&#8220; row_type=&#8220;row&#8220; use_row_as_full_screen_section=&#8220;no&#8220; type=&#8220;grid&#8220; angled_section=&#8220;yes&#8220; angled_section_position=&#8220;top&#8220; angled_section_direction=&#8220;from_left_to_right&#8220; text_align=&#8220;left&#8220; background_image_as_pattern=&#8220;without_pattern&#8220; background_color=&#8220;#ffffff&#8220; padding_top=&#8220;30&#8243; padding_bottom=&#8220;60&#8243; z_index=&#8220;&#8220;][vc_column offset=&#8220;vc_col-lg-8&#8243;][vc_column_text el_class=&#8220;lead&#8220;]<strong>Hohe professionelle Qualifikation unserer Mitarbeiterinnen und Mitarbeiter <em>und<\/em> unsere teamorientierte Firmenkultur<\/strong>: Auf diesen beiden Eckpfeilern gr\u00fcndet unser Unternehmen.<br \/>\nDamit wir diesen Erfolg in Zukunft fortsetzen k\u00f6nnen, suchen wir Mitarbeiterinnen und Mitarbeiter mit Potenzial, die sich in diesem Umfeld gut integrieren k\u00f6nnen und wollen.<\/p>\n<p><strong>Gleichzeitig \u00fcbernimmt die Th\u00f6nnes GmbH eine hohe Verantwortung f\u00fcr den IT-Nachwuchs.<\/strong> Unser Unternehmen engagiert sich sehr intensiv f\u00fcr die qualifizierte Aus- und Weiterbildung von Fachkr\u00e4ften.[\/vc_column_text][\/vc_column][\/vc_row][vc_row css_animation=&#8220;&#8220; row_type=&#8220;row&#8220; use_row_as_full_screen_section=&#8220;no&#8220; type=&#8220;grid&#8220; angled_section=&#8220;yes&#8220; angled_section_position=&#8220;bottom&#8220; angled_section_direction=&#8220;from_left_to_right&#8220; text_align=&#8220;left&#8220; background_image_as_pattern=&#8220;without_pattern&#8220; z_index=&#8220;&#8220;][vc_column][vc_row_inner row_type=&#8220;row&#8220; type=&#8220;full_width&#8220; text_align=&#8220;left&#8220; css_animation=&#8220;&#8220; css=&#8220;.vc_custom_1532438837318{margin-bottom: 70px !important;}&#8220;][vc_column_inner width=&#8220;1\/2&#8243;]<div class='q_icon_with_title medium normal_icon left_from_title '><div class=\"icon_text_holder\" style=\"\"><div class=\"icon_text_inner\" style=\"\"><div class=\"icon_title_holder\"><div class=\"icon_holder \" style=\" \"><span data-icon-type=\"normal\" class=\"qode_iwt_icon_holder q_font_awsome_icon fa-3x  \"><i class=\"qode_icon_font_awesome fa fa-handshake-o qode_iwt_icon_element\" style=\"color: #ffffff\"><\/i><\/span><\/div><h2 class=\"icon_title\" style=\"color: #ffffff;\">Fachinformatiker Ausbildung | Was lernen Sie bei uns?<\/h2><\/div><p style=''><\/p><\/div><\/div><\/div>[vc_column_text css=&#8220;&#8220;]Als IHK-Partner engagiert sich Th\u00f6nnes seit Jahren f\u00fcr die Ausbildung neuer Fachkr\u00e4fte: Wir sind seit 1994 Ausbildungsbetrieb f\u00fcr IT-Berufe und bilden seit 1997 zum \u201e<strong>Fachinformatiker\/Fachinformatikerin Systemintegration (IHK)<\/strong>\u201c aus.<\/p>\n<p>Wir verfolgen dabei ein praxisorientiertes Ausbildungsmodell und vermitteln das notwendige Fachwissen gem\u00e4\u00df der Ausbildungsordnung (Verordnung \u00fcber die Berufsbildung im Bereich der Informations- und Telekommunikationstechnik) in firmeninternen Schulungen \u2013 ein Konzept, das sich bew\u00e4hrt hat. Immer wieder zeichnen sich unsere Auszubildenden durch \u00fcberdurchschnittliche Pr\u00fcfungsergebnisse aus.<\/p>\n<h3>Dozenten<\/h3>\n<p>Die Schulungen werden derzeit durchgef\u00fchrt von<\/p>\n<ul>\n<li>Dr.-Ing. Erhard Wittmann<\/li>\n<li>Dipl.-Inf. (Univ.) Michael Beck<\/li>\n<li>Dipl.-Kaufm. (FH) und DV-Kaufmann (IHK) Hans-Michael Kenda<\/li>\n<\/ul>\n<h3>Voraussetzungen<\/h3>\n<p>Ein Ausbildungsbeginn bei Th\u00f6nnes ist jederzeit m\u00f6glich, wenn <strong>eine<\/strong> der Voraussetzungen mindestens erf\u00fcllt ist:<\/p>\n<ul>\n<li>Fachgebundene oder Allgemeine Hochschulreife<\/li>\n<li>Abgeschlossene Berufsausbildung<\/li>\n<li>Mindestalter bei Beginn der Ausbildung: 21 Jahre<\/li>\n<\/ul>\n<p>Zus\u00e4tzlich w\u00fcnschen wir uns, dass Sie m\u00f6glichst IT-Grundkenntnisse im Bereich IT-Netzwerke vorweisen k\u00f6nnen.<\/p>\n<p>Dar\u00fcber hinaus bilden wir berufsbegleitend aus und unterst\u00fctzen Bewerberinnen und Bewerber mit mindestens dreij\u00e4hriger nachweisbarer Berufserfahrung im IT-Umfeld (belegt durch Arbeitgeberzeugnisse und\/oder IT-Zertifikate). Auch f\u00fcr Studienabbrecher bieten wir mit unserem Ausbildungsangebot eine gute Perspektive!<\/p>\n<h3>Jetzt bewerben<\/h3>\n<p>Haben wir Ihr Interesse geweckt? Dann freuen wir uns auf Ihre Bewerbung unter<\/p>\n<p><a href=\"mailto:personal@thoennes.com\">personal [at] thoennes.com<\/a><\/p>\n<p>Bitte vergessen Sie nicht, Ihre IT-Kenntnisse in Ihrer Bewerbung ausf\u00fchrlich zu beschreiben (v. a. Netzwerk-spezifische Kenntnisse). Fassen Sie Ihre Bewerbung bitte in einer Datei zusammen und benennen Sie die Datei <em>[Ihr Nachname].docx\/pdf <\/em>(keine .zip oder .rar-Dateien).<\/p>\n<p>Vielen Dank.[\/vc_column_text][\/vc_column_inner][vc_column_inner width=&#8220;1\/2&#8243;]<div class='q_icon_with_title medium normal_icon left_from_title '><div class=\"icon_text_holder\" style=\"\"><div class=\"icon_text_inner\" style=\"\"><div class=\"icon_title_holder\"><div class=\"icon_holder \" style=\" \"><span data-icon-type=\"normal\" class=\"qode_iwt_icon_holder q_font_awsome_icon fa-3x  \"><i class=\"qode_icon_font_awesome fa fa-handshake-o qode_iwt_icon_element\" style=\"color: #ffffff\"><\/i><\/span><\/div><h2 class=\"icon_title\" style=\"color: #ffffff;\">Jobs | M\u00f6chten Sie bei uns arbeiten?<\/h2><\/div><p style=''><\/p><\/div><\/div><\/div>[vc_column_text]Wir interessieren uns f\u00fcr Sie, wenn Sie sich f\u00fcr das Thema IT begeistern und Sie uns davon \u00fcberzeugen, dass Sie in unserem Unternehmen Ihren Platz finden k\u00f6nnen. Unsere Entscheidung machen wir dabei nicht unbedingt an Ihren Zeugnisnoten fest. Wichtig ist uns dagegen, dass Ihre Pers\u00f6nlichkeit zu unserer Firmenkultur passt. Quereinsteigerinnen und Quereinsteiger sind uns also willkommen.<\/p>\n<h3>Wir suchen<\/h3>\n<p>Wir suchen Mitarbeiter\/innen (in Festanstellung oder freiberuflich) f\u00fcr folgende Bereiche:<\/p>\n<h4>IT<\/h4>\n<ul>\n<li>1st-Level (Userhelpdesk) im Microsoft Umfeld<\/li>\n<li>2nd-Level (Administration) im Microsoft Umfeld, MCSE-Zertifizierung oder entsprechende nachgewiesene Berufs- bzw. Projekterfahrungen erforderlich<\/li>\n<\/ul>\n<h4>Backoffice<\/h4>\n<ul>\n<li>derzeit keine Vakanzen<\/li>\n<\/ul>\n<h3>Jetzt bewerben<\/h3>\n<p>M\u00f6chten Sie gerne in unserem Team mitarbeiten, rufen Sie uns an unter<br \/>\n<a href=\"tel:49-89-8960860\">+49 89 896086-24<\/a><\/p>\n<p>oder senden Sie Ihre Bewerbung an<br \/>\n<a href=\"mailto:personal@thoennes.com\">personal [at] thoennes.com<\/a><\/p>\n<p>Fassen Sie Ihre Bewerbung bitte in einer Datei zusammen und benennen Sie die Datei <em>[Ihr Nachname].docx\/pdf <\/em>(keine .zip oder .rar-Dateien).<\/p>\n<p>Vielen Dank.[\/vc_column_text][\/vc_column_inner][\/vc_row_inner][\/vc_column][\/vc_row][vc_row css_animation=&#8220;&#8220; row_type=&#8220;row&#8220; use_row_as_full_screen_section=&#8220;no&#8220; type=&#8220;full_width&#8220; angled_section=&#8220;yes&#8220; angled_section_position=&#8220;top&#8220; angled_section_direction=&#8220;from_left_to_right&#8220; text_align=&#8220;left&#8220; background_image_as_pattern=&#8220;without_pattern&#8220; background_image=&#8220;15478&#8243; padding_bottom=&#8220;0&#8243; z_index=&#8220;&#8220;][vc_column parallax=&#8220;content-moving-fade&#8220; css=&#8220;.vc_custom_1521034546540{margin-top: 50px !important;}&#8220;][vc_separator type=&#8220;transparent&#8220; up=&#8220;150&#8243;][\/vc_column][\/vc_row]<\/p>\n<\/div>","protected":false},"excerpt":{"rendered":"<p>[vc_row css_animation=&#8220;&#8220; row_type=&#8220;row&#8220; use_row_as_full_screen_section=&#8220;no&#8220; type=&#8220;grid&#8220; angled_section=&#8220;yes&#8220; angled_section_position=&#8220;top&#8220; angled_section_direction=&#8220;from_left_to_right&#8220; text_align=&#8220;left&#8220; background_image_as_pattern=&#8220;without_pattern&#8220; background_color=&#8220;#ffffff&#8220; padding_top=&#8220;30&#8243; padding_bottom=&#8220;60&#8243; z_index=&#8220;&#8220;][vc_column offset=&#8220;vc_col-lg-8&#8243;][vc_column_text el_class=&#8220;lead&#8220;]Hohe professionelle Qualifikation unserer Mitarbeiterinnen und Mitarbeiter und unsere teamorientierte Firmenkultur: Auf diesen beiden Eckpfeilern gr\u00fcndet unser Unternehmen. Damit wir diesen Erfolg in Zukunft fortsetzen k\u00f6nnen, suchen wir Mitarbeiterinnen und Mitarbeiter mit Potenzial, die sich in diesem Umfeld gut integrieren k\u00f6nnen und wollen. Gleichzeitig \u00fcbernimmt die Th\u00f6nnes GmbH eine hohe Verantwortung f\u00fcr den IT-Nachwuchs. Unser Unternehmen engagiert sich sehr intensiv f\u00fcr die qualifizierte Aus- und Weiterbildung von Fachkr\u00e4ften.[\/vc_column_text][\/vc_column][\/vc_row][vc_row css_animation=&#8220;&#8220; row_type=&#8220;row&#8220; use_row_as_full_screen_section=&#8220;no&#8220; type=&#8220;grid&#8220; angled_section=&#8220;yes&#8220; angled_section_position=&#8220;bottom&#8220; angled_section_direction=&#8220;from_left_to_right&#8220;&#8230;<\/p>\n","protected":false},"author":1,"featured_media":0,"parent":0,"menu_order":0,"comment_status":"open","ping_status":"open","template":"full_width.php","meta":{"footnotes":""},"class_list":["post-15864","page","type-page","status-publish","hentry"],"yoast_head":"<!-- This site is optimized with the Yoast SEO plugin v27.3 - https:\/\/yoast.com\/product\/yoast-seo-wordpress\/ -->\n<title>Fachinformatiker Ausbildung und Jobs - Thoennes<\/title>\n<meta name=\"description\" content=\"Th\u00f6nnes bietet eine praxisnahe Ausbildung zum Fachinformatiker an. F\u00fcr Azubis ab 21 Jahren mit IT Interesse. Auch f\u00fcr Studienabbrecher.\" \/>\n<meta name=\"robots\" content=\"index, follow, max-snippet:-1, max-image-preview:large, max-video-preview:-1\" \/>\n<link rel=\"canonical\" href=\"https:\/\/thoennes.com\/?page_id=15864\" \/>\n<meta property=\"og:locale\" content=\"de_DE\" \/>\n<meta property=\"og:type\" content=\"article\" \/>\n<meta property=\"og:title\" content=\"Fachinformatiker Ausbildung und Jobs - Thoennes\" \/>\n<meta property=\"og:description\" content=\"Th\u00f6nnes bietet eine praxisnahe Ausbildung zum Fachinformatiker an. F\u00fcr Azubis ab 21 Jahren mit IT Interesse. Auch f\u00fcr Studienabbrecher.\" \/>\n<meta property=\"og:url\" content=\"https:\/\/thoennes.com\/?page_id=15864\" \/>\n<meta property=\"og:site_name\" content=\"Thoennes\" \/>\n<meta property=\"article:modified_time\" content=\"2025-04-03T15:24:49+00:00\" \/>\n<meta name=\"twitter:card\" content=\"summary_large_image\" \/>\n<meta name=\"twitter:label1\" content=\"Gesch\u00e4tzte Lesezeit\" \/>\n\t<meta name=\"twitter:data1\" content=\"4\u00a0Minuten\" \/>\n<script type=\"application\/ld+json\" class=\"yoast-schema-graph\">{\"@context\":\"https:\\\/\\\/schema.org\",\"@graph\":[{\"@type\":\"WebPage\",\"@id\":\"https:\\\/\\\/thoennes.com\\\/?page_id=15864\",\"url\":\"https:\\\/\\\/thoennes.com\\\/?page_id=15864\",\"name\":\"Fachinformatiker Ausbildung und Jobs - Thoennes\",\"isPartOf\":{\"@id\":\"https:\\\/\\\/thoennes.com\\\/#website\"},\"datePublished\":\"2018-07-24T13:42:38+00:00\",\"dateModified\":\"2025-04-03T15:24:49+00:00\",\"description\":\"Th\u00f6nnes bietet eine praxisnahe Ausbildung zum Fachinformatiker an. F\u00fcr Azubis ab 21 Jahren mit IT Interesse. Auch f\u00fcr Studienabbrecher.\",\"breadcrumb\":{\"@id\":\"https:\\\/\\\/thoennes.com\\\/?page_id=15864#breadcrumb\"},\"inLanguage\":\"de\",\"potentialAction\":[{\"@type\":\"ReadAction\",\"target\":[\"https:\\\/\\\/thoennes.com\\\/?page_id=15864\"]}]},{\"@type\":\"BreadcrumbList\",\"@id\":\"https:\\\/\\\/thoennes.com\\\/?page_id=15864#breadcrumb\",\"itemListElement\":[{\"@type\":\"ListItem\",\"position\":1,\"name\":\"Start\",\"item\":\"https:\\\/\\\/thoennes.com\\\/\"},{\"@type\":\"ListItem\",\"position\":2,\"name\":\"Fachinformatiker Ausbildung und Jobs\"}]},{\"@type\":\"WebSite\",\"@id\":\"https:\\\/\\\/thoennes.com\\\/#website\",\"url\":\"https:\\\/\\\/thoennes.com\\\/\",\"name\":\"Thoennes\",\"description\":\"\",\"potentialAction\":[{\"@type\":\"SearchAction\",\"target\":{\"@type\":\"EntryPoint\",\"urlTemplate\":\"https:\\\/\\\/thoennes.com\\\/?s={search_term_string}\"},\"query-input\":{\"@type\":\"PropertyValueSpecification\",\"valueRequired\":true,\"valueName\":\"search_term_string\"}}],\"inLanguage\":\"de\"}]}<\/script>\n<!-- \/ Yoast SEO plugin. -->","yoast_head_json":{"title":"Fachinformatiker Ausbildung und Jobs - Thoennes","description":"Th\u00f6nnes bietet eine praxisnahe Ausbildung zum Fachinformatiker an. F\u00fcr Azubis ab 21 Jahren mit IT Interesse. Auch f\u00fcr Studienabbrecher.","robots":{"index":"index","follow":"follow","max-snippet":"max-snippet:-1","max-image-preview":"max-image-preview:large","max-video-preview":"max-video-preview:-1"},"canonical":"https:\/\/thoennes.com\/?page_id=15864","og_locale":"de_DE","og_type":"article","og_title":"Fachinformatiker Ausbildung und Jobs - Thoennes","og_description":"Th\u00f6nnes bietet eine praxisnahe Ausbildung zum Fachinformatiker an. F\u00fcr Azubis ab 21 Jahren mit IT Interesse. Auch f\u00fcr Studienabbrecher.","og_url":"https:\/\/thoennes.com\/?page_id=15864","og_site_name":"Thoennes","article_modified_time":"2025-04-03T15:24:49+00:00","twitter_card":"summary_large_image","twitter_misc":{"Gesch\u00e4tzte Lesezeit":"4\u00a0Minuten"},"schema":{"@context":"https:\/\/schema.org","@graph":[{"@type":"WebPage","@id":"https:\/\/thoennes.com\/?page_id=15864","url":"https:\/\/thoennes.com\/?page_id=15864","name":"Fachinformatiker Ausbildung und Jobs - Thoennes","isPartOf":{"@id":"https:\/\/thoennes.com\/#website"},"datePublished":"2018-07-24T13:42:38+00:00","dateModified":"2025-04-03T15:24:49+00:00","description":"Th\u00f6nnes bietet eine praxisnahe Ausbildung zum Fachinformatiker an. F\u00fcr Azubis ab 21 Jahren mit IT Interesse. Auch f\u00fcr Studienabbrecher.","breadcrumb":{"@id":"https:\/\/thoennes.com\/?page_id=15864#breadcrumb"},"inLanguage":"de","potentialAction":[{"@type":"ReadAction","target":["https:\/\/thoennes.com\/?page_id=15864"]}]},{"@type":"BreadcrumbList","@id":"https:\/\/thoennes.com\/?page_id=15864#breadcrumb","itemListElement":[{"@type":"ListItem","position":1,"name":"Start","item":"https:\/\/thoennes.com\/"},{"@type":"ListItem","position":2,"name":"Fachinformatiker Ausbildung und Jobs"}]},{"@type":"WebSite","@id":"https:\/\/thoennes.com\/#website","url":"https:\/\/thoennes.com\/","name":"Thoennes","description":"","potentialAction":[{"@type":"SearchAction","target":{"@type":"EntryPoint","urlTemplate":"https:\/\/thoennes.com\/?s={search_term_string}"},"query-input":{"@type":"PropertyValueSpecification","valueRequired":true,"valueName":"search_term_string"}}],"inLanguage":"de"}]}},"_links":{"self":[{"href":"https:\/\/thoennes.com\/index.php?rest_route=\/wp\/v2\/pages\/15864","targetHints":{"allow":["GET"]}}],"collection":[{"href":"https:\/\/thoennes.com\/index.php?rest_route=\/wp\/v2\/pages"}],"about":[{"href":"https:\/\/thoennes.com\/index.php?rest_route=\/wp\/v2\/types\/page"}],"author":[{"embeddable":true,"href":"https:\/\/thoennes.com\/index.php?rest_route=\/wp\/v2\/users\/1"}],"replies":[{"embeddable":true,"href":"https:\/\/thoennes.com\/index.php?rest_route=%2Fwp%2Fv2%2Fcomments&post=15864"}],"version-history":[{"count":2,"href":"https:\/\/thoennes.com\/index.php?rest_route=\/wp\/v2\/pages\/15864\/revisions"}],"predecessor-version":[{"id":16021,"href":"https:\/\/thoennes.com\/index.php?rest_route=\/wp\/v2\/pages\/15864\/revisions\/16021"}],"wp:attachment":[{"href":"https:\/\/thoennes.com\/index.php?rest_route=%2Fwp%2Fv2%2Fmedia&parent=15864"}],"curies":[{"name":"wp","href":"https:\/\/api.w.org\/{rel}","templated":true}]}}